{"id":29,"date":"2020-11-19T22:04:06","date_gmt":"2020-11-19T21:04:06","guid":{"rendered":"https:\/\/www.homolumbricus.eu\/?page_id=29"},"modified":"2021-09-27T08:48:16","modified_gmt":"2021-09-27T06:48:16","slug":"about-me","status":"publish","type":"page","link":"https:\/\/www.homolumbricus.eu\/de\/vision\/about-me\/","title":{"rendered":"\u00dcber mich"},"content":{"rendered":"<p>Hallo<\/p>\n<p>meine Name ist S\u00e9bastien Masclet, ich bin Franzose und Mitte Drei\u00dfig. Seit 2013 wohne ich in Oberbayern mit meiner Frau und unseren Kindern.<\/p>\n\n<!-- wp:columns {\"verticalAlignment\":\"center\"} -->\n<div class=\"wp-block-columns are-vertically-aligned-center\"><!-- wp:column {\"verticalAlignment\":\"center\",\"width\":\"50%\"} -->\n<div class=\"wp-block-column is-vertically-aligned-center\" style=\"flex-basis:50%\"><!-- wp:paragraph -->\n<p>Ich bin aus der Agraringenieurhochschule AgroParistech (Paris) als <strong>Ingenieur<\/strong> in der Fachrichtung <strong>Agrarwissenschaft und Umwelt<\/strong> diplomiert.<\/p>\n<!-- \/wp:paragraph -->\n\n<!-- wp:paragraph -->\n<p>Jahre lang war ich in der Forschung und Entwicklung mit dem Thema Abwasserwiederverwendung t\u00e4tig. Dann nach einer kurzen Zeit als Vertriebsmitarbeiter bin ich zur\u00fcck zum Thema gekommen, das mir besonders am Herz liegt: <strong>naturfreundlich Anbau von geschmackvollen Essprodukten<\/strong>.<\/p>\n<!-- \/wp:paragraph -->\n\n<!-- wp:paragraph -->\n<p>Ich verf\u00fcge \u00fcber eine Weiterbildung in angewandter <strong>Permakultur<\/strong> zur \u00f6kologischen Gartengestaltung sowie Gruppendynamik.<\/p>\n<!-- \/wp:paragraph --><\/div>\n<!-- \/wp:column -->\n\n<!-- wp:column {\"verticalAlignment\":\"center\",\"width\":\"50%\"} -->\n<div class=\"wp-block-column is-vertically-aligned-center\" style=\"flex-basis:50%\"><!-- wp:image {\"align\":\"center\",\"id\":548,\"sizeSlug\":\"large\",\"linkDestination\":\"none\"} -->\n<div class=\"wp-block-image\"><figure class=\"aligncenter size-large\"><img loading=\"lazy\" width=\"1024\" height=\"866\" src=\"https:\/\/www.homolumbricus.eu\/wp-content\/uploads\/2020\/12\/20170831_113216-scaled-e1608047653922-1024x866.jpg\" alt=\"S\u00e9bastien Masclet von Homo lumbricus\" class=\"wp-image-548\" srcset=\"https:\/\/www.homolumbricus.eu\/wp-content\/uploads\/2020\/12\/20170831_113216-scaled-e1608047653922-1024x866.jpg 1024w, https:\/\/www.homolumbricus.eu\/wp-content\/uploads\/2020\/12\/20170831_113216-scaled-e1608047653922-300x254.jpg 300w, https:\/\/www.homolumbricus.eu\/wp-content\/uploads\/2020\/12\/20170831_113216-scaled-e1608047653922-768x650.jpg 768w, https:\/\/www.homolumbricus.eu\/wp-content\/uploads\/2020\/12\/20170831_113216-scaled-e1608047653922-1536x1300.jpg 1536w, https:\/\/www.homolumbricus.eu\/wp-content\/uploads\/2020\/12\/20170831_113216-scaled-e1608047653922-24x20.jpg 24w, https:\/\/www.homolumbricus.eu\/wp-content\/uploads\/2020\/12\/20170831_113216-scaled-e1608047653922-36x30.jpg 36w, https:\/\/www.homolumbricus.eu\/wp-content\/uploads\/2020\/12\/20170831_113216-scaled-e1608047653922-48x41.jpg 48w, https:\/\/www.homolumbricus.eu\/wp-content\/uploads\/2020\/12\/20170831_113216-scaled-e1608047653922.jpg 1664w\" sizes=\"(max-width: 1024px) 100vw, 1024px\" \/><\/figure><\/div>\n<!-- \/wp:image --><\/div>\n<!-- \/wp:column --><\/div>\n<!-- \/wp:columns -->\n\n<!-- wp:paragraph -->\n<p>Zum Festigen meiner Praxis habe ich mehrere Projekte initiiert oder weiterentwickelt: <strong>Waldgarten<\/strong> in einer Lebensgemeinschaft, Gem\u00fcsebau auf einem Acker mit Fl\u00fcchtlingen, u.a. Ich helfe auch zur Zeit regelm\u00e4\u00dfig  bei einer lokalen <a href=\"http:\/\/sonnenwurzel.de\/\">SoLawi<\/a> aktiv mit. Gleichzeitig halte ich <strong>Vortr\u00e4ge<\/strong> \u00fcber Bodenbefruchtbarkeit, Best\u00e4uber, und vielem mehr.<\/p>\n<!-- \/wp:paragraph -->\n\n<!-- wp:paragraph -->\n<p>Zus\u00e4tzlich zu meinen umfassenden Kenntnissen in Agrarwissenschaft und Bodenkunde, verf\u00fcge ich \u00fcber ein umfangreiches Wissen in Themen der <strong>Zeigerpflanzen<\/strong> und <strong>Artenvielfalt<\/strong>.<\/p>\n<!-- \/wp:paragraph -->\n\n<!-- wp:paragraph -->\n<p>Meine besondere Anliegen sind :<\/p>\n<!-- \/wp:paragraph -->\n\n<!-- wp:list -->\n<ul><li>fruchtbare <strong>Erfahrungsaustausche<\/strong> zu f\u00f6rdern. Da ich zweisprachig bin, sehe ich eine meiner Rollen als Vermittler zwischen franz\u00f6sisch- und deutschsprachigen R\u00e4umen ;<\/li><li><strong>mit<\/strong> und <strong>innerhalb<\/strong> der <strong>Naturkreisl\u00e4ufe<\/strong> anbauen: Ziel ist der Aufbau der Bodenbefruchtbarkeit (&#8222;<strong>Humusaufbau<\/strong>&#8222;) sowie das Maximieren der Artenvielfalt, um maximale Ertr\u00e4ge zu erreichen. Daf\u00fcr ist die Umsetzung der <strong>Permakultur<\/strong> empfehlenswert ;<\/li><li>die <strong>Resilienz<\/strong> f\u00f6rdern: f\u00fcr die Agrar- und \u00d6kosysteme sowie den Betrieb (&#8222;Sozial- und Wirtschafts\u00f6kosysteme&#8220; des Betriebs) ;<\/li><li><strong><strong>lokale<\/strong>,<strong> saisonale<\/strong> <\/strong>Produkte anbauen und verbrauchen: d.h. die lokale Artenvielfalt f\u00f6rdern und verwerten, alte und lokal angepasste Sorten bevorzugen, m\u00f6glichst mit lokalen passenden Pflanz- und Saatproduzenten arbeiten;<\/li><li>dem <strong>Baum<\/strong> und den <strong>Hecken<\/strong> wieder einen entscheidenden Platz in der Landwirtschaft geben. <\/li><\/ul>\n<!-- \/wp:list -->\n\n<!-- wp:paragraph -->\n<p>In meiner Freizeit mache ich Musik (Jazz-Klarinette). Ich koche gerne und verkoste Wein. Immer wenn ich kann, bin ich drau\u00dfen mit den Kids oder beim Wandern.<\/p>\n<!-- \/wp:paragraph -->","protected":false},"excerpt":{"rendered":"<p>Hallo meine Name ist S\u00e9bastien Masclet, ich bin Franzose und Mitte Drei\u00dfig. Seit 2013 wohne ich in Oberbayern mit meiner Frau und unseren Kindern. Ich bin aus der Agraringenieurhochschule AgroParistech (Paris) als Ingenieur in der Fachrichtung Agrarwissenschaft und Umwelt diplomiert. Jahre lang war ich in der Forschung und Entwicklung mit dem Thema Abwasserwiederverwendung t\u00e4tig. Dann nach einer kurzen Zeit als Vertriebsmitarbeiter bin ich zur\u00fcck zum Thema gekommen, das mir besonders am Herz liegt: naturfreundlich Anbau von geschmackvollen Essprodukten. Ich verf\u00fcge \u00fcber eine Weiterbildung in angewandter Permakultur zur \u00f6kologischen Gartengestaltung sowie Gruppendynamik. Zum Festigen meiner Praxis habe ich mehrere Projekte initiiert&#8230; <\/p>\n","protected":false},"author":1,"featured_media":740,"parent":26,"menu_order":0,"comment_status":"closed","ping_status":"closed","template":"template-parts\/page-template-no-sidebar.php","meta":[],"yoast_head":"<!-- This site is optimized with the Yoast SEO plugin v20.6 - https:\/\/yoast.com\/wordpress\/plugins\/seo\/ -->\n<title>Homo lumbricus &bull; Ing\u00e9nieur agronome &bull; Conseil en Agroforesteries et Syst\u00e8mes sur Sols vivants<\/title>\n<meta name=\"description\" content=\"S\u00e9bastien Masclet est ing\u00e9nieur agronome (AgroParistech). Mes principaux domaines d&#039;intervention sont : Agroforesterie, jardins for\u00eats, mara\u00eechage, sols et plantes bio-indicatrices.\" \/>\n<meta name=\"robots\" content=\"index, follow, max-snippet:-1, max-image-preview:large, max-video-preview:-1\" \/>\n<link rel=\"canonical\" href=\"https:\/\/www.homolumbricus.eu\/fr\/vision\/about-me\/\" \/>\n<meta property=\"og:locale\" content=\"de_DE\" \/>\n<meta property=\"og:type\" content=\"article\" \/>\n<meta property=\"og:title\" content=\"Agraringenieur - Beratung zu Agroforst und lebendigen B\u00f6den in Bayern\" \/>\n<meta property=\"og:description\" content=\"S\u00e9bastien Masclet ist Agraringenieur (Paris, Frankreich). Seine Schwerpunkte sind Agroforstsysteme, Waldg\u00e4rten, Gem\u00fcseanbau, Zeigerpflanzen.\" \/>\n<meta property=\"og:url\" content=\"https:\/\/www.homolumbricus.eu\/fr\/vision\/about-me\/\" \/>\n<meta property=\"og:site_name\" content=\"Homo lumbricus\" \/>\n<meta property=\"article:modified_time\" content=\"2021-09-27T06:48:16+00:00\" \/>\n<meta property=\"og:image\" content=\"https:\/\/www.homolumbricus.eu\/wp-content\/uploads\/2020\/12\/20170831_113216-scaled-e1608047653922.jpg\" \/>\n\t<meta property=\"og:image:width\" content=\"1664\" \/>\n\t<meta property=\"og:image:height\" content=\"1408\" \/>\n\t<meta property=\"og:image:type\" content=\"image\/jpeg\" \/>\n<meta name=\"twitter:card\" content=\"summary_large_image\" \/>\n<meta name=\"twitter:label1\" content=\"Gesch\u00e4tzte Lesezeit\" \/>\n\t<meta name=\"twitter:data1\" content=\"1\u00a0Minute\" \/>\n<script type=\"application\/ld+json\" class=\"yoast-schema-graph\">{\"@context\":\"https:\/\/schema.org\",\"@graph\":[{\"@type\":\"WebPage\",\"@id\":\"https:\/\/www.homolumbricus.eu\/fr\/vision\/about-me\/\",\"url\":\"https:\/\/www.homolumbricus.eu\/fr\/vision\/about-me\/\",\"name\":\"Homo lumbricus &bull; Ing\u00e9nieur agronome &bull; Conseil en Agroforesteries et Syst\u00e8mes sur Sols vivants\",\"isPartOf\":{\"@id\":\"https:\/\/www.homolumbricus.eu\/de\/#website\"},\"datePublished\":\"2020-11-19T21:04:06+00:00\",\"dateModified\":\"2021-09-27T06:48:16+00:00\",\"description\":\"S\u00e9bastien Masclet est ing\u00e9nieur agronome (AgroParistech). Mes principaux domaines d'intervention sont : Agroforesterie, jardins for\u00eats, mara\u00eechage, sols et plantes bio-indicatrices.\",\"breadcrumb\":{\"@id\":\"https:\/\/www.homolumbricus.eu\/fr\/vision\/about-me\/#breadcrumb\"},\"inLanguage\":\"de\",\"potentialAction\":[{\"@type\":\"ReadAction\",\"target\":[\"https:\/\/www.homolumbricus.eu\/fr\/vision\/about-me\/\"]}]},{\"@type\":\"BreadcrumbList\",\"@id\":\"https:\/\/www.homolumbricus.eu\/fr\/vision\/about-me\/#breadcrumb\",\"itemListElement\":[{\"@type\":\"ListItem\",\"position\":1,\"name\":\"Accueil\",\"item\":\"https:\/\/www.homolumbricus.eu\/de\/\"},{\"@type\":\"ListItem\",\"position\":2,\"name\":\"Vision\",\"item\":\"https:\/\/www.homolumbricus.eu\/fr\/vision\/\"},{\"@type\":\"ListItem\",\"position\":3,\"name\":\"Qui suis-je?\"}]},{\"@type\":\"WebSite\",\"@id\":\"https:\/\/www.homolumbricus.eu\/de\/#website\",\"url\":\"https:\/\/www.homolumbricus.eu\/de\/\",\"name\":\"Homo lumbricus\",\"description\":\"Beratung, Coaching und Vortr\u00e4ge zu Agroforst, lebendigen B\u00f6den, Waldg\u00e4rten und Permakultur\",\"publisher\":{\"@id\":\"https:\/\/www.homolumbricus.eu\/de\/#\/schema\/person\/ccda8c386f79faf31c9611a587555f8b\"},\"potentialAction\":[{\"@type\":\"SearchAction\",\"target\":{\"@type\":\"EntryPoint\",\"urlTemplate\":\"https:\/\/www.homolumbricus.eu\/de\/?s={search_term_string}\"},\"query-input\":\"required name=search_term_string\"}],\"inLanguage\":\"de\"},{\"@type\":[\"Person\",\"Organization\"],\"@id\":\"https:\/\/www.homolumbricus.eu\/de\/#\/schema\/person\/ccda8c386f79faf31c9611a587555f8b\",\"name\":\"S\u00e9bastien Masclet\",\"image\":{\"@type\":\"ImageObject\",\"inLanguage\":\"de\",\"@id\":\"https:\/\/www.homolumbricus.eu\/de\/#\/schema\/person\/image\/\",\"url\":\"https:\/\/secure.gravatar.com\/avatar\/59295af188e5b2876e245c63b0614aba?s=96&d=mm&r=g\",\"contentUrl\":\"https:\/\/secure.gravatar.com\/avatar\/59295af188e5b2876e245c63b0614aba?s=96&d=mm&r=g\",\"caption\":\"S\u00e9bastien Masclet\"},\"logo\":{\"@id\":\"https:\/\/www.homolumbricus.eu\/de\/#\/schema\/person\/image\/\"},\"sameAs\":[\"https:\/\/www.homolumbricus.eu\",\"https:\/\/www.linkedin.com\/in\/s\u00e9bastien-masclet-605b4732\/\"]}]}<\/script>\n<!-- \/ Yoast SEO plugin. -->","yoast_head_json":{"title":"Homo lumbricus &bull; Ing\u00e9nieur agronome &bull; Conseil en Agroforesteries et Syst\u00e8mes sur Sols vivants","description":"S\u00e9bastien Masclet est ing\u00e9nieur agronome (AgroParistech). Mes principaux domaines d'intervention sont : Agroforesterie, jardins for\u00eats, mara\u00eechage, sols et plantes bio-indicatrices.","robots":{"index":"index","follow":"follow","max-snippet":"max-snippet:-1","max-image-preview":"max-image-preview:large","max-video-preview":"max-video-preview:-1"},"canonical":"https:\/\/www.homolumbricus.eu\/fr\/vision\/about-me\/","og_locale":"de_DE","og_type":"article","og_title":"Agraringenieur - Beratung zu Agroforst und lebendigen B\u00f6den in Bayern","og_description":"S\u00e9bastien Masclet ist Agraringenieur (Paris, Frankreich). Seine Schwerpunkte sind Agroforstsysteme, Waldg\u00e4rten, Gem\u00fcseanbau, Zeigerpflanzen.","og_url":"https:\/\/www.homolumbricus.eu\/fr\/vision\/about-me\/","og_site_name":"Homo lumbricus","article_modified_time":"2021-09-27T06:48:16+00:00","og_image":[{"width":1664,"height":1408,"url":"https:\/\/www.homolumbricus.eu\/wp-content\/uploads\/2020\/12\/20170831_113216-scaled-e1608047653922.jpg","type":"image\/jpeg"}],"twitter_card":"summary_large_image","twitter_misc":{"Gesch\u00e4tzte Lesezeit":"1\u00a0Minute"},"schema":{"@context":"https:\/\/schema.org","@graph":[{"@type":"WebPage","@id":"https:\/\/www.homolumbricus.eu\/fr\/vision\/about-me\/","url":"https:\/\/www.homolumbricus.eu\/fr\/vision\/about-me\/","name":"Homo lumbricus &bull; Ing\u00e9nieur agronome &bull; Conseil en Agroforesteries et Syst\u00e8mes sur Sols vivants","isPartOf":{"@id":"https:\/\/www.homolumbricus.eu\/de\/#website"},"datePublished":"2020-11-19T21:04:06+00:00","dateModified":"2021-09-27T06:48:16+00:00","description":"S\u00e9bastien Masclet est ing\u00e9nieur agronome (AgroParistech). Mes principaux domaines d'intervention sont : Agroforesterie, jardins for\u00eats, mara\u00eechage, sols et plantes bio-indicatrices.","breadcrumb":{"@id":"https:\/\/www.homolumbricus.eu\/fr\/vision\/about-me\/#breadcrumb"},"inLanguage":"de","potentialAction":[{"@type":"ReadAction","target":["https:\/\/www.homolumbricus.eu\/fr\/vision\/about-me\/"]}]},{"@type":"BreadcrumbList","@id":"https:\/\/www.homolumbricus.eu\/fr\/vision\/about-me\/#breadcrumb","itemListElement":[{"@type":"ListItem","position":1,"name":"Accueil","item":"https:\/\/www.homolumbricus.eu\/de\/"},{"@type":"ListItem","position":2,"name":"Vision","item":"https:\/\/www.homolumbricus.eu\/fr\/vision\/"},{"@type":"ListItem","position":3,"name":"Qui suis-je?"}]},{"@type":"WebSite","@id":"https:\/\/www.homolumbricus.eu\/de\/#website","url":"https:\/\/www.homolumbricus.eu\/de\/","name":"Homo lumbricus","description":"Beratung, Coaching und Vortr\u00e4ge zu Agroforst, lebendigen B\u00f6den, Waldg\u00e4rten und Permakultur","publisher":{"@id":"https:\/\/www.homolumbricus.eu\/de\/#\/schema\/person\/ccda8c386f79faf31c9611a587555f8b"},"potentialAction":[{"@type":"SearchAction","target":{"@type":"EntryPoint","urlTemplate":"https:\/\/www.homolumbricus.eu\/de\/?s={search_term_string}"},"query-input":"required name=search_term_string"}],"inLanguage":"de"},{"@type":["Person","Organization"],"@id":"https:\/\/www.homolumbricus.eu\/de\/#\/schema\/person\/ccda8c386f79faf31c9611a587555f8b","name":"S\u00e9bastien Masclet","image":{"@type":"ImageObject","inLanguage":"de","@id":"https:\/\/www.homolumbricus.eu\/de\/#\/schema\/person\/image\/","url":"https:\/\/secure.gravatar.com\/avatar\/59295af188e5b2876e245c63b0614aba?s=96&d=mm&r=g","contentUrl":"https:\/\/secure.gravatar.com\/avatar\/59295af188e5b2876e245c63b0614aba?s=96&d=mm&r=g","caption":"S\u00e9bastien Masclet"},"logo":{"@id":"https:\/\/www.homolumbricus.eu\/de\/#\/schema\/person\/image\/"},"sameAs":["https:\/\/www.homolumbricus.eu","https:\/\/www.linkedin.com\/in\/s\u00e9bastien-masclet-605b4732\/"]}]}},"_links":{"self":[{"href":"https:\/\/www.homolumbricus.eu\/de\/wp-json\/wp\/v2\/pages\/29"}],"collection":[{"href":"https:\/\/www.homolumbricus.eu\/de\/wp-json\/wp\/v2\/pages"}],"about":[{"href":"https:\/\/www.homolumbricus.eu\/de\/wp-json\/wp\/v2\/types\/page"}],"author":[{"embeddable":true,"href":"https:\/\/www.homolumbricus.eu\/de\/wp-json\/wp\/v2\/users\/1"}],"replies":[{"embeddable":true,"href":"https:\/\/www.homolumbricus.eu\/de\/wp-json\/wp\/v2\/comments?post=29"}],"version-history":[{"count":29,"href":"https:\/\/www.homolumbricus.eu\/de\/wp-json\/wp\/v2\/pages\/29\/revisions"}],"predecessor-version":[{"id":967,"href":"https:\/\/www.homolumbricus.eu\/de\/wp-json\/wp\/v2\/pages\/29\/revisions\/967"}],"up":[{"embeddable":true,"href":"https:\/\/www.homolumbricus.eu\/de\/wp-json\/wp\/v2\/pages\/26"}],"wp:featuredmedia":[{"embeddable":true,"href":"https:\/\/www.homolumbricus.eu\/de\/wp-json\/wp\/v2\/media\/740"}],"wp:attachment":[{"href":"https:\/\/www.homolumbricus.eu\/de\/wp-json\/wp\/v2\/media?parent=29"}],"curies":[{"name":"wp","href":"https:\/\/api.w.org\/{rel}","templated":true}]}}